{"id":888,"date":"2022-10-07T15:25:31","date_gmt":"2022-10-07T13:25:31","guid":{"rendered":"http:\/\/unsa-paris.fr\/savp\/?page_id=888"},"modified":"2026-03-25T15:11:17","modified_gmt":"2026-03-25T14:11:17","slug":"syndicat-autonome-unsa","status":"publish","type":"page","link":"https:\/\/unsa-paris.fr\/savp\/syndicat-autonome-unsa\/","title":{"rendered":"Syndicat autonome Ville de Paris"},"content":{"rendered":"\t\t<div data-elementor-type=\"wp-page\" data-elementor-id=\"888\" class=\"elementor elementor-888\">\n\t\t\t\t\t\t<section class=\"elementor-section elementor-top-section elementor-element elementor-element-3a37cd59 elementor-section-boxed elementor-section-height-default elementor-section-height-default\" data-id=\"3a37cd59\" data-element_type=\"section\" data-e-type=\"section\">\n\t\t\t\t\t\t<div class=\"elementor-container elementor-column-gap-default\">\n\t\t\t\t\t<div class=\"elementor-column elementor-col-100 elementor-top-column elementor-element elementor-element-7e93f3ba\" data-id=\"7e93f3ba\" data-element_type=\"column\" data-e-type=\"column\">\n\t\t\t<div class=\"elementor-widget-wrap elementor-element-populated\">\n\t\t\t\t\t\t<div class=\"elementor-element elementor-element-cb7ffb2 elementor-widget elementor-widget-heading\" data-id=\"cb7ffb2\" data-element_type=\"widget\" data-e-type=\"widget\" data-widget_type=\"heading.default\">\n\t\t\t\t<div class=\"elementor-widget-container\">\n\t\t\t\t\t<h3 class=\"elementor-heading-title elementor-size-default\">L'UNSA Administrations Parisiennes<\/h3>\t\t\t\t<\/div>\n\t\t\t\t<\/div>\n\t\t\t\t<div class=\"elementor-element elementor-element-5e4d49f elementor-widget elementor-widget-text-editor\" data-id=\"5e4d49f\" data-element_type=\"widget\" data-e-type=\"widget\" data-widget_type=\"text-editor.default\">\n\t\t\t\t<div class=\"elementor-widget-container\">\n\t\t\t\t\t\t\t\t\t<p><span style=\"color: #000000;\">Les syndicats agissant au nom de l\u2019UNSA au sein des administrations parisiennes ont cr\u00e9\u00e9 le 20 d\u00e9cembre 2002 une Union Locale charg\u00e9e, entre autres, de coordonner leurs actions.<\/span><\/p>\n<p><span style=\"color: #000000;\">l\u2019Union Locale UNSA-Administrations Parisiennes entend \u00eatre une structure de communication et de coordination, ainsi qu\u2019un lieu de r\u00e9flexion sur les diff\u00e9rentes strat\u00e9gies \u00e0 mettre en \u0153uvre pour toujours mieux d\u00e9fendre les int\u00e9r\u00eats des personnels.<\/span><\/p>\t\t\t\t\t\t\t\t<\/div>\n\t\t\t\t<\/div>\n\t\t\t\t<div class=\"elementor-element elementor-element-f080035 elementor-widget elementor-widget-text-editor\" data-id=\"f080035\" data-element_type=\"widget\" data-e-type=\"widget\" data-widget_type=\"text-editor.default\">\n\t\t\t\t<div class=\"elementor-widget-container\">\n\t\t\t\t\t\t\t\t\t<p><span style=\"color: #000000;\">Parmi les 9 membres du bureau syndical sont \u00e9lus en tant que:<\/span><\/p>\n<p><span style=\"color: #000000;\"><span style=\"text-decoration: underline;\">Secr\u00e9taire g\u00e9n\u00e9ral<\/span>: Patrick LEMAN<\/span><\/p>\n<p><span style=\"text-decoration: underline;\"><span style=\"color: #000000; text-decoration: underline;\">Secr\u00e9taires g\u00e9n\u00e9raux adjoint<\/span><\/span><span style=\"color: #000000;\"><span style=\"text-decoration: underline;\">s<\/span>:\u00a0 Lucie VANDERSTOCKEN, Laurent BOUJU, Mohamed HOGGUI, Philippe RAINE<\/span><span style=\"text-decoration: underline;\"><span style=\"color: #000000; text-decoration: underline;\"><br \/><\/span><\/span><\/p>\n<p><span style=\"color: #000000;\"><span style=\"text-decoration: underline;\">Tr\u00e9sori\u00e8re<\/span>: Alexandra BRANDINI-BREMONT<\/span><\/p>\n<p><span style=\"color: #000000;\"><span style=\"text-decoration: underline;\">Tr\u00e9sorier adjoint<\/span>: Tristan MONTAGN\u00c9<\/span><\/p>\n<p><span style=\"color: #000000;\"><span style=\"text-decoration: underline;\">Membres du bureau<\/span>: Sallha BENHASSEN, Jean-Claude OUEDRAOGO<\/span><\/p>\n<p><span style=\"color: #000000;\"><span style=\"text-decoration: underline;\">Secr\u00e9taire<\/span>: St\u00e9phane BUCHTA<\/span><\/p>\t\t\t\t\t\t\t\t<\/div>\n\t\t\t\t<\/div>\n\t\t\t\t<div class=\"elementor-element elementor-element-8249f92 elementor-widget elementor-widget-text-editor\" data-id=\"8249f92\" data-element_type=\"widget\" data-e-type=\"widget\" data-widget_type=\"text-editor.default\">\n\t\t\t\t<div class=\"elementor-widget-container\">\n\t\t\t\t\t\t\t\t\t<p><span style=\"color: #000000;\">Le dernier congr\u00e8s de votre syndicat autonome UNSA s&rsquo;est tenu les 4 et 5 d\u00e9cembre 2025<\/span><\/p>\t\t\t\t\t\t\t\t<\/div>\n\t\t\t\t<\/div>\n\t\t\t\t<div class=\"elementor-element elementor-element-fce6999 elementor-widget elementor-widget-text-editor\" data-id=\"fce6999\" data-element_type=\"widget\" data-e-type=\"widget\" data-widget_type=\"text-editor.default\">\n\t\t\t\t<div class=\"elementor-widget-container\">\n\t\t\t\t\t\t\t\t\t<p><a href=\"https:\/\/unsa-paris.fr\/savp\/les-comptes\/\"><span style=\"color: #000000;\">Les comptes<\/span><\/a><\/p>\t\t\t\t\t\t\t\t<\/div>\n\t\t\t\t<\/div>\n\t\t\t\t<div class=\"elementor-element elementor-element-e625c4d elementor-widget elementor-widget-text-editor\" data-id=\"e625c4d\" data-element_type=\"widget\" data-e-type=\"widget\" data-widget_type=\"text-editor.default\">\n\t\t\t\t<div class=\"elementor-widget-container\">\n\t\t\t\t\t\t\t\t\t<p><a href=\"https:\/\/unsa-paris.fr\/savp\/wp-content\/uploads\/2020\/10\/statuts-2017.pdf\"><span style=\"color: #000000;\">Les statuts<\/span><\/a><\/p>\t\t\t\t\t\t\t\t<\/div>\n\t\t\t\t<\/div>\n\t\t\t\t<div class=\"elementor-element elementor-element-66fbc4f3 elementor-widget elementor-widget-text-editor\" data-id=\"66fbc4f3\" data-element_type=\"widget\" data-e-type=\"widget\" data-widget_type=\"text-editor.default\">\n\t\t\t\t<div class=\"elementor-widget-container\">\n\t\t\t\t\t\t\t\t\t\n<div class=\"wp-block-themeisle-blocks-advanced-columns has-1-columns has-desktop-equal-layout has-tablet-equal-layout has-mobile-equal-layout has-default-gap has-vertical-unset\" id=\"wp-block-themeisle-blocks-advanced-columns-4beb8f31\"><div class=\"wp-block-themeisle-blocks-advanced-columns-overlay\"><\/div><div class=\"innerblocks-wrap\">\n<div class=\"wp-block-themeisle-blocks-advanced-column\" id=\"wp-block-themeisle-blocks-advanced-column-4b983bba\"><\/div>\n<\/div><\/div>\n\t\t\t\t\t\t\t\t<\/div>\n\t\t\t\t<\/div>\n\t\t\t\t\t<\/div>\n\t\t<\/div>\n\t\t\t\t\t<\/div>\n\t\t<\/section>\n\t\t\t\t<\/div>\n\t\t","protected":false},"excerpt":{"rendered":"<p>L&rsquo;UNSA Administrations Parisiennes Les syndicats agissant au nom de l\u2019UNSA au sein des administrations parisiennes ont cr\u00e9\u00e9 le 20 d\u00e9cembre 2002 une Union Locale charg\u00e9e, entre autres, de coordonner leurs &hellip; <a href=\"https:\/\/unsa-paris.fr\/savp\/syndicat-autonome-unsa\/\" class=\"more-link\">Continuer la lecture<span class=\"screen-reader-text\"> de &laquo;&nbsp;Syndicat autonome Ville de Paris&nbsp;&raquo;<\/span><\/a><\/p>\n","protected":false},"author":2,"featured_media":0,"parent":0,"menu_order":0,"comment_status":"closed","ping_status":"closed","template":"","meta":{"footnotes":""},"class_list":["post-888","page","type-page","status-publish","hentry"],"yoast_head":"<!-- This site is optimized with the Yoast SEO plugin v27.5 - https:\/\/yoast.com\/product\/yoast-seo-wordpress\/ -->\n<title>Syndicat autonome Ville de Paris - Syndicat Autonome UNSA<\/title>\n<meta name=\"robots\" content=\"index, follow, max-snippet:-1, max-image-preview:large, max-video-preview:-1\" \/>\n<link rel=\"canonical\" href=\"https:\/\/unsa-paris.fr\/savp\/syndicat-autonome-unsa\/\" \/>\n<meta property=\"og:locale\" content=\"fr_FR\" \/>\n<meta property=\"og:type\" content=\"article\" \/>\n<meta property=\"og:title\" content=\"Syndicat autonome Ville de Paris - Syndicat Autonome UNSA\" \/>\n<meta property=\"og:description\" content=\"L&rsquo;UNSA Administrations Parisiennes Les syndicats agissant au nom de l\u2019UNSA au sein des administrations parisiennes ont cr\u00e9\u00e9 le 20 d\u00e9cembre 2002 une Union Locale charg\u00e9e, entre autres, de coordonner leurs &hellip; Continuer la lecture de &laquo;&nbsp;Syndicat autonome Ville de Paris&nbsp;&raquo;\" \/>\n<meta property=\"og:url\" content=\"https:\/\/unsa-paris.fr\/savp\/syndicat-autonome-unsa\/\" \/>\n<meta property=\"og:site_name\" content=\"Syndicat Autonome UNSA\" \/>\n<meta property=\"article:modified_time\" content=\"2026-03-25T14:11:17+00:00\" \/>\n<meta name=\"twitter:card\" content=\"summary_large_image\" \/>\n<meta name=\"twitter:label1\" content=\"Dur\u00e9e de lecture estim\u00e9e\" \/>\n\t<meta name=\"twitter:data1\" content=\"1 minute\" \/>\n<script type=\"application\/ld+json\" class=\"yoast-schema-graph\">{\"@context\":\"https:\\\/\\\/schema.org\",\"@graph\":[{\"@type\":\"WebPage\",\"@id\":\"https:\\\/\\\/unsa-paris.fr\\\/savp\\\/syndicat-autonome-unsa\\\/\",\"url\":\"https:\\\/\\\/unsa-paris.fr\\\/savp\\\/syndicat-autonome-unsa\\\/\",\"name\":\"Syndicat autonome Ville de Paris - Syndicat Autonome UNSA\",\"isPartOf\":{\"@id\":\"https:\\\/\\\/unsa-paris.fr\\\/savp\\\/#website\"},\"datePublished\":\"2022-10-07T13:25:31+00:00\",\"dateModified\":\"2026-03-25T14:11:17+00:00\",\"breadcrumb\":{\"@id\":\"https:\\\/\\\/unsa-paris.fr\\\/savp\\\/syndicat-autonome-unsa\\\/#breadcrumb\"},\"inLanguage\":\"fr-FR\",\"potentialAction\":[{\"@type\":\"ReadAction\",\"target\":[\"https:\\\/\\\/unsa-paris.fr\\\/savp\\\/syndicat-autonome-unsa\\\/\"]}]},{\"@type\":\"BreadcrumbList\",\"@id\":\"https:\\\/\\\/unsa-paris.fr\\\/savp\\\/syndicat-autonome-unsa\\\/#breadcrumb\",\"itemListElement\":[{\"@type\":\"ListItem\",\"position\":1,\"name\":\"Accueil\",\"item\":\"https:\\\/\\\/unsa-paris.fr\\\/savp\\\/\"},{\"@type\":\"ListItem\",\"position\":2,\"name\":\"Syndicat autonome Ville de Paris\"}]},{\"@type\":\"WebSite\",\"@id\":\"https:\\\/\\\/unsa-paris.fr\\\/savp\\\/#website\",\"url\":\"https:\\\/\\\/unsa-paris.fr\\\/savp\\\/\",\"name\":\"Syndicat Autonome UNSA\",\"description\":\"Section des secr\u00e9taires administratifs et des techniciens sup\u00e9rieurs\",\"publisher\":{\"@id\":\"https:\\\/\\\/unsa-paris.fr\\\/savp\\\/#organization\"},\"potentialAction\":[{\"@type\":\"SearchAction\",\"target\":{\"@type\":\"EntryPoint\",\"urlTemplate\":\"https:\\\/\\\/unsa-paris.fr\\\/savp\\\/?s={search_term_string}\"},\"query-input\":{\"@type\":\"PropertyValueSpecification\",\"valueRequired\":true,\"valueName\":\"search_term_string\"}}],\"inLanguage\":\"fr-FR\"},{\"@type\":\"Organization\",\"@id\":\"https:\\\/\\\/unsa-paris.fr\\\/savp\\\/#organization\",\"name\":\"UNSA PARIS fili\u00e8re administrative\",\"url\":\"https:\\\/\\\/unsa-paris.fr\\\/savp\\\/\",\"logo\":{\"@type\":\"ImageObject\",\"inLanguage\":\"fr-FR\",\"@id\":\"https:\\\/\\\/unsa-paris.fr\\\/savp\\\/#\\\/schema\\\/logo\\\/image\\\/\",\"url\":\"https:\\\/\\\/unsa-paris.fr\\\/savp\\\/wp-content\\\/uploads\\\/2020\\\/10\\\/Logo_UNSA-V6.png\",\"contentUrl\":\"https:\\\/\\\/unsa-paris.fr\\\/savp\\\/wp-content\\\/uploads\\\/2020\\\/10\\\/Logo_UNSA-V6.png\",\"width\":986,\"height\":962,\"caption\":\"UNSA PARIS fili\u00e8re administrative\"},\"image\":{\"@id\":\"https:\\\/\\\/unsa-paris.fr\\\/savp\\\/#\\\/schema\\\/logo\\\/image\\\/\"}}]}<\/script>\n<!-- \/ Yoast SEO plugin. -->","yoast_head_json":{"title":"Syndicat autonome Ville de Paris - Syndicat Autonome UNSA","robots":{"index":"index","follow":"follow","max-snippet":"max-snippet:-1","max-image-preview":"max-image-preview:large","max-video-preview":"max-video-preview:-1"},"canonical":"https:\/\/unsa-paris.fr\/savp\/syndicat-autonome-unsa\/","og_locale":"fr_FR","og_type":"article","og_title":"Syndicat autonome Ville de Paris - Syndicat Autonome UNSA","og_description":"L&rsquo;UNSA Administrations Parisiennes Les syndicats agissant au nom de l\u2019UNSA au sein des administrations parisiennes ont cr\u00e9\u00e9 le 20 d\u00e9cembre 2002 une Union Locale charg\u00e9e, entre autres, de coordonner leurs &hellip; Continuer la lecture de &laquo;&nbsp;Syndicat autonome Ville de Paris&nbsp;&raquo;","og_url":"https:\/\/unsa-paris.fr\/savp\/syndicat-autonome-unsa\/","og_site_name":"Syndicat Autonome UNSA","article_modified_time":"2026-03-25T14:11:17+00:00","twitter_card":"summary_large_image","twitter_misc":{"Dur\u00e9e de lecture estim\u00e9e":"1 minute"},"schema":{"@context":"https:\/\/schema.org","@graph":[{"@type":"WebPage","@id":"https:\/\/unsa-paris.fr\/savp\/syndicat-autonome-unsa\/","url":"https:\/\/unsa-paris.fr\/savp\/syndicat-autonome-unsa\/","name":"Syndicat autonome Ville de Paris - Syndicat Autonome UNSA","isPartOf":{"@id":"https:\/\/unsa-paris.fr\/savp\/#website"},"datePublished":"2022-10-07T13:25:31+00:00","dateModified":"2026-03-25T14:11:17+00:00","breadcrumb":{"@id":"https:\/\/unsa-paris.fr\/savp\/syndicat-autonome-unsa\/#breadcrumb"},"inLanguage":"fr-FR","potentialAction":[{"@type":"ReadAction","target":["https:\/\/unsa-paris.fr\/savp\/syndicat-autonome-unsa\/"]}]},{"@type":"BreadcrumbList","@id":"https:\/\/unsa-paris.fr\/savp\/syndicat-autonome-unsa\/#breadcrumb","itemListElement":[{"@type":"ListItem","position":1,"name":"Accueil","item":"https:\/\/unsa-paris.fr\/savp\/"},{"@type":"ListItem","position":2,"name":"Syndicat autonome Ville de Paris"}]},{"@type":"WebSite","@id":"https:\/\/unsa-paris.fr\/savp\/#website","url":"https:\/\/unsa-paris.fr\/savp\/","name":"Syndicat Autonome UNSA","description":"Section des secr\u00e9taires administratifs et des techniciens sup\u00e9rieurs","publisher":{"@id":"https:\/\/unsa-paris.fr\/savp\/#organization"},"potentialAction":[{"@type":"SearchAction","target":{"@type":"EntryPoint","urlTemplate":"https:\/\/unsa-paris.fr\/savp\/?s={search_term_string}"},"query-input":{"@type":"PropertyValueSpecification","valueRequired":true,"valueName":"search_term_string"}}],"inLanguage":"fr-FR"},{"@type":"Organization","@id":"https:\/\/unsa-paris.fr\/savp\/#organization","name":"UNSA PARIS fili\u00e8re administrative","url":"https:\/\/unsa-paris.fr\/savp\/","logo":{"@type":"ImageObject","inLanguage":"fr-FR","@id":"https:\/\/unsa-paris.fr\/savp\/#\/schema\/logo\/image\/","url":"https:\/\/unsa-paris.fr\/savp\/wp-content\/uploads\/2020\/10\/Logo_UNSA-V6.png","contentUrl":"https:\/\/unsa-paris.fr\/savp\/wp-content\/uploads\/2020\/10\/Logo_UNSA-V6.png","width":986,"height":962,"caption":"UNSA PARIS fili\u00e8re administrative"},"image":{"@id":"https:\/\/unsa-paris.fr\/savp\/#\/schema\/logo\/image\/"}}]}},"_links":{"self":[{"href":"https:\/\/unsa-paris.fr\/savp\/wp-json\/wp\/v2\/pages\/888","targetHints":{"allow":["GET"]}}],"collection":[{"href":"https:\/\/unsa-paris.fr\/savp\/wp-json\/wp\/v2\/pages"}],"about":[{"href":"https:\/\/unsa-paris.fr\/savp\/wp-json\/wp\/v2\/types\/page"}],"author":[{"embeddable":true,"href":"https:\/\/unsa-paris.fr\/savp\/wp-json\/wp\/v2\/users\/2"}],"replies":[{"embeddable":true,"href":"https:\/\/unsa-paris.fr\/savp\/wp-json\/wp\/v2\/comments?post=888"}],"version-history":[{"count":37,"href":"https:\/\/unsa-paris.fr\/savp\/wp-json\/wp\/v2\/pages\/888\/revisions"}],"predecessor-version":[{"id":2653,"href":"https:\/\/unsa-paris.fr\/savp\/wp-json\/wp\/v2\/pages\/888\/revisions\/2653"}],"wp:attachment":[{"href":"https:\/\/unsa-paris.fr\/savp\/wp-json\/wp\/v2\/media?parent=888"}],"curies":[{"name":"wp","href":"https:\/\/api.w.org\/{rel}","templated":true}]}}