{"id":695,"date":"2020-05-02T18:18:48","date_gmt":"2020-05-02T16:18:48","guid":{"rendered":"http:\/\/unsa-paris.fr\/savp\/?page_id=695"},"modified":"2020-05-02T18:43:07","modified_gmt":"2020-05-02T16:43:07","slug":"le-dialogue-social","status":"publish","type":"page","link":"https:\/\/unsa-paris.fr\/savp\/le-dialogue-social\/","title":{"rendered":"Le dialogue social"},"content":{"rendered":"\t\t<div data-elementor-type=\"wp-page\" data-elementor-id=\"695\" class=\"elementor elementor-695\">\n\t\t\t\t\t\t<section class=\"elementor-section elementor-top-section elementor-element elementor-element-42ba3a07 elementor-section-boxed elementor-section-height-default elementor-section-height-default\" data-id=\"42ba3a07\" data-element_type=\"section\" data-e-type=\"section\">\n\t\t\t\t\t\t<div class=\"elementor-container elementor-column-gap-default\">\n\t\t\t\t\t<div class=\"elementor-column elementor-col-100 elementor-top-column elementor-element elementor-element-7c1d4d36\" data-id=\"7c1d4d36\" data-element_type=\"column\" data-e-type=\"column\" data-settings=\"{&quot;background_background&quot;:&quot;classic&quot;}\">\n\t\t\t<div class=\"elementor-widget-wrap elementor-element-populated\">\n\t\t\t\t\t\t<div class=\"elementor-element elementor-element-3bbbd6a elementor-widget elementor-widget-heading\" data-id=\"3bbbd6a\" data-element_type=\"widget\" data-e-type=\"widget\" data-widget_type=\"heading.default\">\n\t\t\t\t<div class=\"elementor-widget-container\">\n\t\t\t\t\t<h5 class=\"elementor-heading-title elementor-size-default\">La r\u00e9forme du dialogue social dans la fonction publique.<\/h5>\t\t\t\t<\/div>\n\t\t\t\t<\/div>\n\t\t\t\t<div class=\"elementor-element elementor-element-b06bb65 elementor-widget elementor-widget-text-editor\" data-id=\"b06bb65\" data-element_type=\"widget\" data-e-type=\"widget\" data-widget_type=\"text-editor.default\">\n\t\t\t\t<div class=\"elementor-widget-container\">\n\t\t\t\t\t\t\t\t\t<p><span style=\"color: #000000;\"><a href=\"https:\/\/www.legifrance.gouv.fr\/affichTexte.do?cidTexte=JORFTEXT000038889182&amp;categorieLien=id\">La loi n\u00b02019-828 du 6 ao\u00fbt 2019<\/a> de transformation de la fonction publique pr\u00e9voit, dans les 3 fonctions publiques, la cr\u00e9ation de comit\u00e9s sociaux d&rsquo;administration en remplacement des comit\u00e9s techniques et des CHSCT lors du prochain renouvellement g\u00e9n\u00e9ral de ces instances.<\/span><\/p>\n<p><span style=\"color: #000000;\">Des d\u00e9crets, dont la parution est pr\u00e9vue pour le dernier trimestre de l&rsquo;ann\u00e9e 2020, doivent pr\u00e9ciser les conditions de mise en place de cette instance.<\/span><\/p>\t\t\t\t\t\t\t\t<\/div>\n\t\t\t\t<\/div>\n\t\t\t\t\t<\/div>\n\t\t<\/div>\n\t\t\t\t\t<\/div>\n\t\t<\/section>\n\t\t\t\t<section class=\"elementor-section elementor-top-section elementor-element elementor-element-a9fd963 elementor-section-boxed elementor-section-height-default elementor-section-height-default\" data-id=\"a9fd963\" data-element_type=\"section\" data-e-type=\"section\">\n\t\t\t\t\t\t<div class=\"elementor-container elementor-column-gap-default\">\n\t\t\t\t\t<div class=\"elementor-column elementor-col-100 elementor-top-column elementor-element elementor-element-872711e\" data-id=\"872711e\" data-element_type=\"column\" data-e-type=\"column\">\n\t\t\t<div class=\"elementor-widget-wrap elementor-element-populated\">\n\t\t\t\t\t\t<div class=\"elementor-element elementor-element-bf1bc10 elementor-widget elementor-widget-text-editor\" data-id=\"bf1bc10\" data-element_type=\"widget\" data-e-type=\"widget\" data-widget_type=\"text-editor.default\">\n\t\t\t\t<div class=\"elementor-widget-container\">\n\t\t\t\t\t\t\t\t\t<p><span style=\"color: #000000;\"><a href=\"https:\/\/www.legifrance.gouv.fr\/affichTexte.do?cidTexte=JORFTEXT000022436528\">LOI n\u00b0 2010-751 du 5 juillet 2010 relative \u00e0 la r\u00e9novation du dialogue social et comportant diverses dispositions relatives \u00e0 la fonction publique<\/a>. Version consolid\u00e9e au 1er mai 2020.<\/span><\/p>\t\t\t\t\t\t\t\t<\/div>\n\t\t\t\t<\/div>\n\t\t\t\t\t<\/div>\n\t\t<\/div>\n\t\t\t\t\t<\/div>\n\t\t<\/section>\n\t\t\t\t<section class=\"elementor-section elementor-top-section elementor-element elementor-element-24cfa4b elementor-section-boxed elementor-section-height-default elementor-section-height-default\" data-id=\"24cfa4b\" data-element_type=\"section\" data-e-type=\"section\">\n\t\t\t\t\t\t<div class=\"elementor-container elementor-column-gap-default\">\n\t\t\t\t\t<div class=\"elementor-column elementor-col-100 elementor-top-column elementor-element elementor-element-764e10d\" data-id=\"764e10d\" data-element_type=\"column\" data-e-type=\"column\">\n\t\t\t<div class=\"elementor-widget-wrap elementor-element-populated\">\n\t\t\t\t\t\t<div class=\"elementor-element elementor-element-b7a680a elementor-widget elementor-widget-heading\" data-id=\"b7a680a\" data-element_type=\"widget\" data-e-type=\"widget\" data-widget_type=\"heading.default\">\n\t\t\t\t<div class=\"elementor-widget-container\">\n\t\t\t\t\t<h5 class=\"elementor-heading-title elementor-size-default\">Pour les commissions administratives paritaires<\/h5>\t\t\t\t<\/div>\n\t\t\t\t<\/div>\n\t\t\t\t<div class=\"elementor-element elementor-element-987b1e7 elementor-widget elementor-widget-text-editor\" data-id=\"987b1e7\" data-element_type=\"widget\" data-e-type=\"widget\" data-widget_type=\"text-editor.default\">\n\t\t\t\t<div class=\"elementor-widget-container\">\n\t\t\t\t\t\t\t\t\t<p><span style=\"color: #000000;\"><a href=\"https:\/\/www.legifrance.gouv.fr\/affichTexte.do?cidTexte=LEGITEXT000006063789&amp;dateTexte=20110921\">D\u00e9cret n\u00b082-451 du 28 mai 1982 relatif aux commissions administratives paritaires.<\/a> Version consolid\u00e9e au 1er mai 2020.<\/span><\/p>\t\t\t\t\t\t\t\t<\/div>\n\t\t\t\t<\/div>\n\t\t\t\t<div class=\"elementor-element elementor-element-ae75719 elementor-widget elementor-widget-text-editor\" data-id=\"ae75719\" data-element_type=\"widget\" data-e-type=\"widget\" data-widget_type=\"text-editor.default\">\n\t\t\t\t<div class=\"elementor-widget-container\">\n\t\t\t\t\t\t\t\t\t<p><span style=\"color: #000000;\"><a href=\"https:\/\/www.legifrance.gouv.fr\/affichTexte.do;jsessionid=DF1CFE2C0CBAC2B0049AEE09050053F7.tpdjo07v_1?cidTexte=LEGITEXT000006067031&amp;dateTexte=20141231\">D\u00e9cret n\u00b089-229 du 17 avril 1989 relatif aux commissions administratives paritaires des collectivit\u00e9s territoriales et de leurs \u00e9tablissements publics<\/a>. Version consolid\u00e9e au 1er mai 2020.<\/span><\/p>\t\t\t\t\t\t\t\t<\/div>\n\t\t\t\t<\/div>\n\t\t\t\t\t<\/div>\n\t\t<\/div>\n\t\t\t\t\t<\/div>\n\t\t<\/section>\n\t\t\t\t<section class=\"elementor-section elementor-top-section elementor-element elementor-element-b198b7b elementor-section-boxed elementor-section-height-default elementor-section-height-default\" data-id=\"b198b7b\" data-element_type=\"section\" data-e-type=\"section\">\n\t\t\t\t\t\t<div class=\"elementor-container elementor-column-gap-default\">\n\t\t\t\t\t<div class=\"elementor-column elementor-col-100 elementor-top-column elementor-element elementor-element-8ab2586\" data-id=\"8ab2586\" data-element_type=\"column\" data-e-type=\"column\">\n\t\t\t<div class=\"elementor-widget-wrap elementor-element-populated\">\n\t\t\t\t\t\t<div class=\"elementor-element elementor-element-5e50869 elementor-widget elementor-widget-heading\" data-id=\"5e50869\" data-element_type=\"widget\" data-e-type=\"widget\" data-widget_type=\"heading.default\">\n\t\t\t\t<div class=\"elementor-widget-container\">\n\t\t\t\t\t<h5 class=\"elementor-heading-title elementor-size-default\">Pour les comit\u00e9s techniques<\/h5>\t\t\t\t<\/div>\n\t\t\t\t<\/div>\n\t\t\t\t<div class=\"elementor-element elementor-element-34eb03d elementor-widget elementor-widget-text-editor\" data-id=\"34eb03d\" data-element_type=\"widget\" data-e-type=\"widget\" data-widget_type=\"text-editor.default\">\n\t\t\t\t<div class=\"elementor-widget-container\">\n\t\t\t\t\t\t\t\t\t<p><span style=\"color: #000000;\"><a href=\"https:\/\/www.legifrance.gouv.fr\/affichTexte.do;jsessionid=B1A2AD336773435282FDABAEA06E8934.tpdjo07v_1?cidTexte=LEGITEXT000006065031&amp;dateTexte=20141231\">D\u00e9cret n\u00b085-565 du 30 mai 1985 relatif aux comit\u00e9s techniques des collectivit\u00e9s territoriales et de leurs \u00e9tablissements publics.<\/a> Version consolid\u00e9e au 1<sup>er<\/sup> mai 2020.<\/span><\/p>\t\t\t\t\t\t\t\t<\/div>\n\t\t\t\t<\/div>\n\t\t\t\t\t<\/div>\n\t\t<\/div>\n\t\t\t\t\t<\/div>\n\t\t<\/section>\n\t\t\t\t<section class=\"elementor-section elementor-top-section elementor-element elementor-element-0d4df31 elementor-section-boxed elementor-section-height-default elementor-section-height-default\" data-id=\"0d4df31\" data-element_type=\"section\" data-e-type=\"section\">\n\t\t\t\t\t\t<div class=\"elementor-container elementor-column-gap-default\">\n\t\t\t\t\t<div class=\"elementor-column elementor-col-100 elementor-top-column elementor-element elementor-element-decc1fd\" data-id=\"decc1fd\" data-element_type=\"column\" data-e-type=\"column\">\n\t\t\t<div class=\"elementor-widget-wrap elementor-element-populated\">\n\t\t\t\t\t\t<div class=\"elementor-element elementor-element-f18ef09 elementor-widget elementor-widget-heading\" data-id=\"f18ef09\" data-element_type=\"widget\" data-e-type=\"widget\" data-widget_type=\"heading.default\">\n\t\t\t\t<div class=\"elementor-widget-container\">\n\t\t\t\t\t<h5 class=\"elementor-heading-title elementor-size-default\">Pour les comit\u00e9s d'hygi\u00e8ne, de s\u00e9curit\u00e9 et des conditions de travail<\/h5>\t\t\t\t<\/div>\n\t\t\t\t<\/div>\n\t\t\t\t<div class=\"elementor-element elementor-element-44456c0 elementor-widget elementor-widget-text-editor\" data-id=\"44456c0\" data-element_type=\"widget\" data-e-type=\"widget\" data-widget_type=\"text-editor.default\">\n\t\t\t\t<div class=\"elementor-widget-container\">\n\t\t\t\t\t\t\t\t\t<p><span style=\"color: #000000;\"><a href=\"https:\/\/www.legifrance.gouv.fr\/affichTexte.do?cidTexte=LEGITEXT000006063791&amp;dateTexte=vig\">D\u00e9cret n\u00b082-453 du 28 mai 1982 relatif \u00e0 l&rsquo;hygi\u00e8ne et \u00e0 la s\u00e9curit\u00e9 du travail ainsi qu&rsquo;\u00e0 la pr\u00e9vention m\u00e9dicale dans la fonction publique.<\/a> Version consolid\u00e9e au 01 mai 2020.<\/span><\/p>\t\t\t\t\t\t\t\t<\/div>\n\t\t\t\t<\/div>\n\t\t\t\t\t<\/div>\n\t\t<\/div>\n\t\t\t\t\t<\/div>\n\t\t<\/section>\n\t\t\t\t<\/div>\n\t\t","protected":false},"excerpt":{"rendered":"<p>La r\u00e9forme du dialogue social dans la fonction publique. La loi n\u00b02019-828 du 6 ao\u00fbt 2019 de transformation de la fonction publique pr\u00e9voit, dans les 3 fonctions publiques, la cr\u00e9ation &hellip; <a href=\"https:\/\/unsa-paris.fr\/savp\/le-dialogue-social\/\" class=\"more-link\">Continuer la lecture<span class=\"screen-reader-text\"> de &laquo;&nbsp;Le dialogue social&nbsp;&raquo;<\/span><\/a><\/p>\n","protected":false},"author":1,"featured_media":0,"parent":0,"menu_order":0,"comment_status":"closed","ping_status":"closed","template":"","meta":{"footnotes":""},"class_list":["post-695","page","type-page","status-publish","hentry"],"yoast_head":"<!-- This site is optimized with the Yoast SEO plugin v27.4 - https:\/\/yoast.com\/product\/yoast-seo-wordpress\/ -->\n<title>Le dialogue social - Syndicat Autonome UNSA<\/title>\n<meta name=\"robots\" content=\"index, follow, max-snippet:-1, max-image-preview:large, max-video-preview:-1\" \/>\n<link rel=\"canonical\" href=\"https:\/\/unsa-paris.fr\/savp\/le-dialogue-social\/\" \/>\n<meta property=\"og:locale\" content=\"fr_FR\" \/>\n<meta property=\"og:type\" content=\"article\" \/>\n<meta property=\"og:title\" content=\"Le dialogue social - Syndicat Autonome UNSA\" \/>\n<meta property=\"og:description\" content=\"La r\u00e9forme du dialogue social dans la fonction publique. La loi n\u00b02019-828 du 6 ao\u00fbt 2019 de transformation de la fonction publique pr\u00e9voit, dans les 3 fonctions publiques, la cr\u00e9ation &hellip; Continuer la lecture de &laquo;&nbsp;Le dialogue social&nbsp;&raquo;\" \/>\n<meta property=\"og:url\" content=\"https:\/\/unsa-paris.fr\/savp\/le-dialogue-social\/\" \/>\n<meta property=\"og:site_name\" content=\"Syndicat Autonome UNSA\" \/>\n<meta property=\"article:modified_time\" content=\"2020-05-02T16:43:07+00:00\" \/>\n<meta name=\"twitter:card\" content=\"summary_large_image\" \/>\n<meta name=\"twitter:label1\" content=\"Dur\u00e9e de lecture estim\u00e9e\" \/>\n\t<meta name=\"twitter:data1\" content=\"1 minute\" \/>\n<script type=\"application\/ld+json\" class=\"yoast-schema-graph\">{\"@context\":\"https:\\\/\\\/schema.org\",\"@graph\":[{\"@type\":\"WebPage\",\"@id\":\"https:\\\/\\\/unsa-paris.fr\\\/savp\\\/le-dialogue-social\\\/\",\"url\":\"https:\\\/\\\/unsa-paris.fr\\\/savp\\\/le-dialogue-social\\\/\",\"name\":\"Le dialogue social - Syndicat Autonome UNSA\",\"isPartOf\":{\"@id\":\"https:\\\/\\\/unsa-paris.fr\\\/savp\\\/#website\"},\"datePublished\":\"2020-05-02T16:18:48+00:00\",\"dateModified\":\"2020-05-02T16:43:07+00:00\",\"breadcrumb\":{\"@id\":\"https:\\\/\\\/unsa-paris.fr\\\/savp\\\/le-dialogue-social\\\/#breadcrumb\"},\"inLanguage\":\"fr-FR\",\"potentialAction\":[{\"@type\":\"ReadAction\",\"target\":[\"https:\\\/\\\/unsa-paris.fr\\\/savp\\\/le-dialogue-social\\\/\"]}]},{\"@type\":\"BreadcrumbList\",\"@id\":\"https:\\\/\\\/unsa-paris.fr\\\/savp\\\/le-dialogue-social\\\/#breadcrumb\",\"itemListElement\":[{\"@type\":\"ListItem\",\"position\":1,\"name\":\"Accueil\",\"item\":\"https:\\\/\\\/unsa-paris.fr\\\/savp\\\/\"},{\"@type\":\"ListItem\",\"position\":2,\"name\":\"Le dialogue social\"}]},{\"@type\":\"WebSite\",\"@id\":\"https:\\\/\\\/unsa-paris.fr\\\/savp\\\/#website\",\"url\":\"https:\\\/\\\/unsa-paris.fr\\\/savp\\\/\",\"name\":\"Syndicat Autonome UNSA\",\"description\":\"Section des secr\u00e9taires administratifs et des techniciens sup\u00e9rieurs\",\"publisher\":{\"@id\":\"https:\\\/\\\/unsa-paris.fr\\\/savp\\\/#organization\"},\"potentialAction\":[{\"@type\":\"SearchAction\",\"target\":{\"@type\":\"EntryPoint\",\"urlTemplate\":\"https:\\\/\\\/unsa-paris.fr\\\/savp\\\/?s={search_term_string}\"},\"query-input\":{\"@type\":\"PropertyValueSpecification\",\"valueRequired\":true,\"valueName\":\"search_term_string\"}}],\"inLanguage\":\"fr-FR\"},{\"@type\":\"Organization\",\"@id\":\"https:\\\/\\\/unsa-paris.fr\\\/savp\\\/#organization\",\"name\":\"UNSA PARIS fili\u00e8re administrative\",\"url\":\"https:\\\/\\\/unsa-paris.fr\\\/savp\\\/\",\"logo\":{\"@type\":\"ImageObject\",\"inLanguage\":\"fr-FR\",\"@id\":\"https:\\\/\\\/unsa-paris.fr\\\/savp\\\/#\\\/schema\\\/logo\\\/image\\\/\",\"url\":\"https:\\\/\\\/unsa-paris.fr\\\/savp\\\/wp-content\\\/uploads\\\/2020\\\/10\\\/Logo_UNSA-V6.png\",\"contentUrl\":\"https:\\\/\\\/unsa-paris.fr\\\/savp\\\/wp-content\\\/uploads\\\/2020\\\/10\\\/Logo_UNSA-V6.png\",\"width\":986,\"height\":962,\"caption\":\"UNSA PARIS fili\u00e8re administrative\"},\"image\":{\"@id\":\"https:\\\/\\\/unsa-paris.fr\\\/savp\\\/#\\\/schema\\\/logo\\\/image\\\/\"}}]}<\/script>\n<!-- \/ Yoast SEO plugin. -->","yoast_head_json":{"title":"Le dialogue social - Syndicat Autonome UNSA","robots":{"index":"index","follow":"follow","max-snippet":"max-snippet:-1","max-image-preview":"max-image-preview:large","max-video-preview":"max-video-preview:-1"},"canonical":"https:\/\/unsa-paris.fr\/savp\/le-dialogue-social\/","og_locale":"fr_FR","og_type":"article","og_title":"Le dialogue social - Syndicat Autonome UNSA","og_description":"La r\u00e9forme du dialogue social dans la fonction publique. La loi n\u00b02019-828 du 6 ao\u00fbt 2019 de transformation de la fonction publique pr\u00e9voit, dans les 3 fonctions publiques, la cr\u00e9ation &hellip; Continuer la lecture de &laquo;&nbsp;Le dialogue social&nbsp;&raquo;","og_url":"https:\/\/unsa-paris.fr\/savp\/le-dialogue-social\/","og_site_name":"Syndicat Autonome UNSA","article_modified_time":"2020-05-02T16:43:07+00:00","twitter_card":"summary_large_image","twitter_misc":{"Dur\u00e9e de lecture estim\u00e9e":"1 minute"},"schema":{"@context":"https:\/\/schema.org","@graph":[{"@type":"WebPage","@id":"https:\/\/unsa-paris.fr\/savp\/le-dialogue-social\/","url":"https:\/\/unsa-paris.fr\/savp\/le-dialogue-social\/","name":"Le dialogue social - Syndicat Autonome UNSA","isPartOf":{"@id":"https:\/\/unsa-paris.fr\/savp\/#website"},"datePublished":"2020-05-02T16:18:48+00:00","dateModified":"2020-05-02T16:43:07+00:00","breadcrumb":{"@id":"https:\/\/unsa-paris.fr\/savp\/le-dialogue-social\/#breadcrumb"},"inLanguage":"fr-FR","potentialAction":[{"@type":"ReadAction","target":["https:\/\/unsa-paris.fr\/savp\/le-dialogue-social\/"]}]},{"@type":"BreadcrumbList","@id":"https:\/\/unsa-paris.fr\/savp\/le-dialogue-social\/#breadcrumb","itemListElement":[{"@type":"ListItem","position":1,"name":"Accueil","item":"https:\/\/unsa-paris.fr\/savp\/"},{"@type":"ListItem","position":2,"name":"Le dialogue social"}]},{"@type":"WebSite","@id":"https:\/\/unsa-paris.fr\/savp\/#website","url":"https:\/\/unsa-paris.fr\/savp\/","name":"Syndicat Autonome UNSA","description":"Section des secr\u00e9taires administratifs et des techniciens sup\u00e9rieurs","publisher":{"@id":"https:\/\/unsa-paris.fr\/savp\/#organization"},"potentialAction":[{"@type":"SearchAction","target":{"@type":"EntryPoint","urlTemplate":"https:\/\/unsa-paris.fr\/savp\/?s={search_term_string}"},"query-input":{"@type":"PropertyValueSpecification","valueRequired":true,"valueName":"search_term_string"}}],"inLanguage":"fr-FR"},{"@type":"Organization","@id":"https:\/\/unsa-paris.fr\/savp\/#organization","name":"UNSA PARIS fili\u00e8re administrative","url":"https:\/\/unsa-paris.fr\/savp\/","logo":{"@type":"ImageObject","inLanguage":"fr-FR","@id":"https:\/\/unsa-paris.fr\/savp\/#\/schema\/logo\/image\/","url":"https:\/\/unsa-paris.fr\/savp\/wp-content\/uploads\/2020\/10\/Logo_UNSA-V6.png","contentUrl":"https:\/\/unsa-paris.fr\/savp\/wp-content\/uploads\/2020\/10\/Logo_UNSA-V6.png","width":986,"height":962,"caption":"UNSA PARIS fili\u00e8re administrative"},"image":{"@id":"https:\/\/unsa-paris.fr\/savp\/#\/schema\/logo\/image\/"}}]}},"_links":{"self":[{"href":"https:\/\/unsa-paris.fr\/savp\/wp-json\/wp\/v2\/pages\/695","targetHints":{"allow":["GET"]}}],"collection":[{"href":"https:\/\/unsa-paris.fr\/savp\/wp-json\/wp\/v2\/pages"}],"about":[{"href":"https:\/\/unsa-paris.fr\/savp\/wp-json\/wp\/v2\/types\/page"}],"author":[{"embeddable":true,"href":"https:\/\/unsa-paris.fr\/savp\/wp-json\/wp\/v2\/users\/1"}],"replies":[{"embeddable":true,"href":"https:\/\/unsa-paris.fr\/savp\/wp-json\/wp\/v2\/comments?post=695"}],"version-history":[{"count":6,"href":"https:\/\/unsa-paris.fr\/savp\/wp-json\/wp\/v2\/pages\/695\/revisions"}],"predecessor-version":[{"id":704,"href":"https:\/\/unsa-paris.fr\/savp\/wp-json\/wp\/v2\/pages\/695\/revisions\/704"}],"wp:attachment":[{"href":"https:\/\/unsa-paris.fr\/savp\/wp-json\/wp\/v2\/media?parent=695"}],"curies":[{"name":"wp","href":"https:\/\/api.w.org\/{rel}","templated":true}]}}