{"id":680,"date":"2020-05-02T17:28:44","date_gmt":"2020-05-02T15:28:44","guid":{"rendered":"http:\/\/unsa-paris.fr\/savp\/?page_id=680"},"modified":"2021-05-19T14:52:28","modified_gmt":"2021-05-19T12:52:28","slug":"le-droit-de-retrait","status":"publish","type":"page","link":"https:\/\/unsa-paris.fr\/savp\/le-droit-de-retrait\/","title":{"rendered":"Le droit de retrait"},"content":{"rendered":"\t\t<div data-elementor-type=\"wp-page\" data-elementor-id=\"680\" class=\"elementor elementor-680\">\n\t\t\t\t\t\t<section class=\"elementor-section elementor-top-section elementor-element elementor-element-28220f71 elementor-section-boxed elementor-section-height-default elementor-section-height-default\" data-id=\"28220f71\" data-element_type=\"section\" data-e-type=\"section\">\n\t\t\t\t\t\t<div class=\"elementor-container elementor-column-gap-default\">\n\t\t\t\t\t<div class=\"elementor-column elementor-col-100 elementor-top-column elementor-element elementor-element-30214ae1\" data-id=\"30214ae1\" data-element_type=\"column\" data-e-type=\"column\">\n\t\t\t<div class=\"elementor-widget-wrap elementor-element-populated\">\n\t\t\t\t\t\t<div class=\"elementor-element elementor-element-62a0335 elementor-widget elementor-widget-text-editor\" data-id=\"62a0335\" data-element_type=\"widget\" data-e-type=\"widget\" data-widget_type=\"text-editor.default\">\n\t\t\t\t<div class=\"elementor-widget-container\">\n\t\t\t\t\t\t\t\t\t<p><span style=\"color: #000000;\">Le droit de retrait consiste en la possibilit\u00e9 offerte \u00e0 tout agent de quitter son poste de travail :<\/span><\/p>\n<p><span style=\"color: #000000;\">\u2022 s&rsquo;il a un motif raisonnable de penser qu&rsquo;il se trouve expos\u00e9 \u00e0 un danger grave et imminent pour sa vie ou sa sant\u00e9,<\/span><\/p>\n<p><span style=\"color: #000000;\">\u2022 ou s&rsquo;il constate une d\u00e9fectuosit\u00e9 dans les syst\u00e8mes de protection<\/span><\/p>\n<p><em>(pour plus d&rsquo;information, voir la fiche pratique sur <span style=\"text-decoration: underline; color: #000000;\"><a style=\"color: #000000;\" href=\"https:\/\/unsa-paris.fr\/savp\/wp-content\/uploads\/2020\/03\/fiche-droit-de-retrait.pdf\">le droit de retrait<\/a>)<\/span><\/em><\/p>\t\t\t\t\t\t\t\t<\/div>\n\t\t\t\t<\/div>\n\t\t\t\t<div class=\"elementor-element elementor-element-2ad18d61 elementor-widget elementor-widget-text-editor\" data-id=\"2ad18d61\" data-element_type=\"widget\" data-e-type=\"widget\" data-widget_type=\"text-editor.default\">\n\t\t\t\t<div class=\"elementor-widget-container\">\n\t\t\t\t\t\t\t\t\t\n<div id=\"wp-block-themeisle-blocks-advanced-columns-17a81796\" class=\"wp-block-themeisle-blocks-advanced-columns has-undefined-columns has-desktop-undefined-layout has-tablet-equal-layout has-mobile-equal-layout has-default-gap has-vertical-unset\">\n<div class=\"wp-block-themeisle-blocks-advanced-columns-overlay\">\n<p><span style=\"color: #000000;\"><a href=\"https:\/\/www.legifrance.gouv.fr\/affichTexte.do?cidTexte=LEGITEXT000006063791\"><span style=\"text-decoration: underline;\"><span style=\"color: #000000; text-decoration: underline;\">D\u00e9cret n\u00b082-453 du 28 mai 1982 relatif \u00e0 l&rsquo;hygi\u00e8ne et \u00e0 la s\u00e9curit\u00e9 du travail ainsi qu&rsquo;\u00e0 la pr\u00e9vention m\u00e9dicale dans la fonction publique<\/span><\/span>.<\/a> Version consolid\u00e9e au 1<sup>er<\/sup> mai 2020.<\/span><\/p>\n<\/div>\n<div class=\"innerblocks-wrap\">\u00a0<\/div>\n<\/div>\n\t\t\t\t\t\t\t\t<\/div>\n\t\t\t\t<\/div>\n\t\t\t\t<div class=\"elementor-element elementor-element-9144bd0 elementor-widget elementor-widget-text-editor\" data-id=\"9144bd0\" data-element_type=\"widget\" data-e-type=\"widget\" data-widget_type=\"text-editor.default\">\n\t\t\t\t<div class=\"elementor-widget-container\">\n\t\t\t\t\t\t\t\t\t<p><span style=\"color: #000000;\"><a href=\"https:\/\/www.legifrance.gouv.fr\/affichTexte.do?cidTexte=JORFTEXT000000700869\"><span style=\"text-decoration: underline;\"><span style=\"color: #000000; text-decoration: underline;\">D\u00e9cret n\u00b085-603 du 10 juin 1985 relatif \u00e0 l&rsquo;hygi\u00e8ne et \u00e0 la s\u00e9curit\u00e9 du travail ainsi qu&rsquo;\u00e0 la m\u00e9decine professionnelle et pr\u00e9ventive dans la fonction publique territoriale<\/span><\/span>.<\/a> Version consolid\u00e9e au 1er mai 2020.<\/span><\/p>\t\t\t\t\t\t\t\t<\/div>\n\t\t\t\t<\/div>\n\t\t\t\t<div class=\"elementor-element elementor-element-2c6dcac elementor-widget elementor-widget-text-editor\" data-id=\"2c6dcac\" data-element_type=\"widget\" data-e-type=\"widget\" data-widget_type=\"text-editor.default\">\n\t\t\t\t<div class=\"elementor-widget-container\">\n\t\t\t\t\t\t\t\t\t<p><span style=\"color: #000000;\">Code du travail : <a href=\"https:\/\/www.legifrance.gouv.fr\/affichCode.do?idSectionTA=LEGISCTA000018528006&amp;cidTexte=LEGITEXT000006072050\"><span style=\"text-decoration: underline; color: #000000;\">articles R4626-22 \u00e0 R4626-25<\/span>.<\/a><\/span><\/p>\t\t\t\t\t\t\t\t<\/div>\n\t\t\t\t<\/div>\n\t\t\t\t\t<\/div>\n\t\t<\/div>\n\t\t\t\t\t<\/div>\n\t\t<\/section>\n\t\t\t\t<\/div>\n\t\t","protected":false},"excerpt":{"rendered":"<p>Le droit de retrait consiste en la possibilit\u00e9 offerte \u00e0 tout agent de quitter son poste de travail : \u2022 s&rsquo;il a un motif raisonnable de penser qu&rsquo;il se trouve &hellip; <a href=\"https:\/\/unsa-paris.fr\/savp\/le-droit-de-retrait\/\" class=\"more-link\">Continuer la lecture<span class=\"screen-reader-text\"> de &laquo;&nbsp;Le droit de retrait&nbsp;&raquo;<\/span><\/a><\/p>\n","protected":false},"author":1,"featured_media":0,"parent":0,"menu_order":0,"comment_status":"closed","ping_status":"closed","template":"","meta":{"footnotes":""},"class_list":["post-680","page","type-page","status-publish","hentry"],"yoast_head":"<!-- This site is optimized with the Yoast SEO plugin v27.4 - https:\/\/yoast.com\/product\/yoast-seo-wordpress\/ -->\n<title>Le droit de retrait - Syndicat Autonome UNSA<\/title>\n<meta name=\"robots\" content=\"index, follow, max-snippet:-1, max-image-preview:large, max-video-preview:-1\" \/>\n<link rel=\"canonical\" href=\"https:\/\/unsa-paris.fr\/savp\/le-droit-de-retrait\/\" \/>\n<meta property=\"og:locale\" content=\"fr_FR\" \/>\n<meta property=\"og:type\" content=\"article\" \/>\n<meta property=\"og:title\" content=\"Le droit de retrait - Syndicat Autonome UNSA\" \/>\n<meta property=\"og:description\" content=\"Le droit de retrait consiste en la possibilit\u00e9 offerte \u00e0 tout agent de quitter son poste de travail : \u2022 s&rsquo;il a un motif raisonnable de penser qu&rsquo;il se trouve &hellip; Continuer la lecture de &laquo;&nbsp;Le droit de retrait&nbsp;&raquo;\" \/>\n<meta property=\"og:url\" content=\"https:\/\/unsa-paris.fr\/savp\/le-droit-de-retrait\/\" \/>\n<meta property=\"og:site_name\" content=\"Syndicat Autonome UNSA\" \/>\n<meta property=\"article:modified_time\" content=\"2021-05-19T12:52:28+00:00\" \/>\n<meta name=\"twitter:card\" content=\"summary_large_image\" \/>\n<meta name=\"twitter:label1\" content=\"Dur\u00e9e de lecture estim\u00e9e\" \/>\n\t<meta name=\"twitter:data1\" content=\"1 minute\" \/>\n<script type=\"application\/ld+json\" class=\"yoast-schema-graph\">{\"@context\":\"https:\\\/\\\/schema.org\",\"@graph\":[{\"@type\":\"WebPage\",\"@id\":\"https:\\\/\\\/unsa-paris.fr\\\/savp\\\/le-droit-de-retrait\\\/\",\"url\":\"https:\\\/\\\/unsa-paris.fr\\\/savp\\\/le-droit-de-retrait\\\/\",\"name\":\"Le droit de retrait - Syndicat Autonome UNSA\",\"isPartOf\":{\"@id\":\"https:\\\/\\\/unsa-paris.fr\\\/savp\\\/#website\"},\"datePublished\":\"2020-05-02T15:28:44+00:00\",\"dateModified\":\"2021-05-19T12:52:28+00:00\",\"breadcrumb\":{\"@id\":\"https:\\\/\\\/unsa-paris.fr\\\/savp\\\/le-droit-de-retrait\\\/#breadcrumb\"},\"inLanguage\":\"fr-FR\",\"potentialAction\":[{\"@type\":\"ReadAction\",\"target\":[\"https:\\\/\\\/unsa-paris.fr\\\/savp\\\/le-droit-de-retrait\\\/\"]}]},{\"@type\":\"BreadcrumbList\",\"@id\":\"https:\\\/\\\/unsa-paris.fr\\\/savp\\\/le-droit-de-retrait\\\/#breadcrumb\",\"itemListElement\":[{\"@type\":\"ListItem\",\"position\":1,\"name\":\"Accueil\",\"item\":\"https:\\\/\\\/unsa-paris.fr\\\/savp\\\/\"},{\"@type\":\"ListItem\",\"position\":2,\"name\":\"Le droit de retrait\"}]},{\"@type\":\"WebSite\",\"@id\":\"https:\\\/\\\/unsa-paris.fr\\\/savp\\\/#website\",\"url\":\"https:\\\/\\\/unsa-paris.fr\\\/savp\\\/\",\"name\":\"Syndicat Autonome UNSA\",\"description\":\"Section des secr\u00e9taires administratifs et des techniciens sup\u00e9rieurs\",\"publisher\":{\"@id\":\"https:\\\/\\\/unsa-paris.fr\\\/savp\\\/#organization\"},\"potentialAction\":[{\"@type\":\"SearchAction\",\"target\":{\"@type\":\"EntryPoint\",\"urlTemplate\":\"https:\\\/\\\/unsa-paris.fr\\\/savp\\\/?s={search_term_string}\"},\"query-input\":{\"@type\":\"PropertyValueSpecification\",\"valueRequired\":true,\"valueName\":\"search_term_string\"}}],\"inLanguage\":\"fr-FR\"},{\"@type\":\"Organization\",\"@id\":\"https:\\\/\\\/unsa-paris.fr\\\/savp\\\/#organization\",\"name\":\"UNSA PARIS fili\u00e8re administrative\",\"url\":\"https:\\\/\\\/unsa-paris.fr\\\/savp\\\/\",\"logo\":{\"@type\":\"ImageObject\",\"inLanguage\":\"fr-FR\",\"@id\":\"https:\\\/\\\/unsa-paris.fr\\\/savp\\\/#\\\/schema\\\/logo\\\/image\\\/\",\"url\":\"https:\\\/\\\/unsa-paris.fr\\\/savp\\\/wp-content\\\/uploads\\\/2020\\\/10\\\/Logo_UNSA-V6.png\",\"contentUrl\":\"https:\\\/\\\/unsa-paris.fr\\\/savp\\\/wp-content\\\/uploads\\\/2020\\\/10\\\/Logo_UNSA-V6.png\",\"width\":986,\"height\":962,\"caption\":\"UNSA PARIS fili\u00e8re administrative\"},\"image\":{\"@id\":\"https:\\\/\\\/unsa-paris.fr\\\/savp\\\/#\\\/schema\\\/logo\\\/image\\\/\"}}]}<\/script>\n<!-- \/ Yoast SEO plugin. -->","yoast_head_json":{"title":"Le droit de retrait - Syndicat Autonome UNSA","robots":{"index":"index","follow":"follow","max-snippet":"max-snippet:-1","max-image-preview":"max-image-preview:large","max-video-preview":"max-video-preview:-1"},"canonical":"https:\/\/unsa-paris.fr\/savp\/le-droit-de-retrait\/","og_locale":"fr_FR","og_type":"article","og_title":"Le droit de retrait - Syndicat Autonome UNSA","og_description":"Le droit de retrait consiste en la possibilit\u00e9 offerte \u00e0 tout agent de quitter son poste de travail : \u2022 s&rsquo;il a un motif raisonnable de penser qu&rsquo;il se trouve &hellip; Continuer la lecture de &laquo;&nbsp;Le droit de retrait&nbsp;&raquo;","og_url":"https:\/\/unsa-paris.fr\/savp\/le-droit-de-retrait\/","og_site_name":"Syndicat Autonome UNSA","article_modified_time":"2021-05-19T12:52:28+00:00","twitter_card":"summary_large_image","twitter_misc":{"Dur\u00e9e de lecture estim\u00e9e":"1 minute"},"schema":{"@context":"https:\/\/schema.org","@graph":[{"@type":"WebPage","@id":"https:\/\/unsa-paris.fr\/savp\/le-droit-de-retrait\/","url":"https:\/\/unsa-paris.fr\/savp\/le-droit-de-retrait\/","name":"Le droit de retrait - Syndicat Autonome UNSA","isPartOf":{"@id":"https:\/\/unsa-paris.fr\/savp\/#website"},"datePublished":"2020-05-02T15:28:44+00:00","dateModified":"2021-05-19T12:52:28+00:00","breadcrumb":{"@id":"https:\/\/unsa-paris.fr\/savp\/le-droit-de-retrait\/#breadcrumb"},"inLanguage":"fr-FR","potentialAction":[{"@type":"ReadAction","target":["https:\/\/unsa-paris.fr\/savp\/le-droit-de-retrait\/"]}]},{"@type":"BreadcrumbList","@id":"https:\/\/unsa-paris.fr\/savp\/le-droit-de-retrait\/#breadcrumb","itemListElement":[{"@type":"ListItem","position":1,"name":"Accueil","item":"https:\/\/unsa-paris.fr\/savp\/"},{"@type":"ListItem","position":2,"name":"Le droit de retrait"}]},{"@type":"WebSite","@id":"https:\/\/unsa-paris.fr\/savp\/#website","url":"https:\/\/unsa-paris.fr\/savp\/","name":"Syndicat Autonome UNSA","description":"Section des secr\u00e9taires administratifs et des techniciens sup\u00e9rieurs","publisher":{"@id":"https:\/\/unsa-paris.fr\/savp\/#organization"},"potentialAction":[{"@type":"SearchAction","target":{"@type":"EntryPoint","urlTemplate":"https:\/\/unsa-paris.fr\/savp\/?s={search_term_string}"},"query-input":{"@type":"PropertyValueSpecification","valueRequired":true,"valueName":"search_term_string"}}],"inLanguage":"fr-FR"},{"@type":"Organization","@id":"https:\/\/unsa-paris.fr\/savp\/#organization","name":"UNSA PARIS fili\u00e8re administrative","url":"https:\/\/unsa-paris.fr\/savp\/","logo":{"@type":"ImageObject","inLanguage":"fr-FR","@id":"https:\/\/unsa-paris.fr\/savp\/#\/schema\/logo\/image\/","url":"https:\/\/unsa-paris.fr\/savp\/wp-content\/uploads\/2020\/10\/Logo_UNSA-V6.png","contentUrl":"https:\/\/unsa-paris.fr\/savp\/wp-content\/uploads\/2020\/10\/Logo_UNSA-V6.png","width":986,"height":962,"caption":"UNSA PARIS fili\u00e8re administrative"},"image":{"@id":"https:\/\/unsa-paris.fr\/savp\/#\/schema\/logo\/image\/"}}]}},"_links":{"self":[{"href":"https:\/\/unsa-paris.fr\/savp\/wp-json\/wp\/v2\/pages\/680","targetHints":{"allow":["GET"]}}],"collection":[{"href":"https:\/\/unsa-paris.fr\/savp\/wp-json\/wp\/v2\/pages"}],"about":[{"href":"https:\/\/unsa-paris.fr\/savp\/wp-json\/wp\/v2\/types\/page"}],"author":[{"embeddable":true,"href":"https:\/\/unsa-paris.fr\/savp\/wp-json\/wp\/v2\/users\/1"}],"replies":[{"embeddable":true,"href":"https:\/\/unsa-paris.fr\/savp\/wp-json\/wp\/v2\/comments?post=680"}],"version-history":[{"count":14,"href":"https:\/\/unsa-paris.fr\/savp\/wp-json\/wp\/v2\/pages\/680\/revisions"}],"predecessor-version":[{"id":1074,"href":"https:\/\/unsa-paris.fr\/savp\/wp-json\/wp\/v2\/pages\/680\/revisions\/1074"}],"wp:attachment":[{"href":"https:\/\/unsa-paris.fr\/savp\/wp-json\/wp\/v2\/media?parent=680"}],"curies":[{"name":"wp","href":"https:\/\/api.w.org\/{rel}","templated":true}]}}